{"id":814,"date":"2016-02-17T14:03:50","date_gmt":"2016-02-17T13:03:50","guid":{"rendered":"http:\/\/vfa.ch\/fr\/reglemente\/"},"modified":"2023-01-04T15:30:56","modified_gmt":"2023-01-04T14:30:56","slug":"reglement","status":"publish","type":"page","link":"https:\/\/vfa-fpa.ch\/fr\/reglement\/","title":{"rendered":"R\u00e8glements"},"content":{"rendered":"<p>[et_pb_section fb_built=\u00a0\u00bb1&Prime; admin_label=\u00a0\u00bbsection\u00a0\u00bb _builder_version=\u00a0\u00bb4.16&Prime; global_colors_info=\u00a0\u00bb{}\u00a0\u00bb][et_pb_row admin_label=\u00a0\u00bbrow\u00a0\u00bb _builder_version=\u00a0\u00bb4.16&Prime; background_size=\u00a0\u00bbinitial\u00a0\u00bb background_position=\u00a0\u00bbtop_left\u00a0\u00bb background_repeat=\u00a0\u00bbrepeat\u00a0\u00bb global_colors_info=\u00a0\u00bb{}\u00a0\u00bb][et_pb_column type=\u00a0\u00bb4_4&Prime; _builder_version=\u00a0\u00bb4.16&Prime; custom_padding=\u00a0\u00bb|||\u00a0\u00bb global_colors_info=\u00a0\u00bb{}\u00a0\u00bb custom_padding__hover=\u00a0\u00bb|||\u00a0\u00bb][et_pb_post_title meta=\u00a0\u00bboff\u00a0\u00bb featured_placement=\u00a0\u00bbabove\u00a0\u00bb admin_label=\u00a0\u00bbPosttitel Reglemente\u00a0\u00bb _builder_version=\u00a0\u00bb4.16&Prime; title_all_caps=\u00a0\u00bboff\u00a0\u00bb background_color=\u00a0\u00bbrgba(255,255,255,0)\u00a0\u00bb parallax=\u00a0\u00bbon\u00a0\u00bb parallax_method=\u00a0\u00bboff\u00a0\u00bb parallax_effect=\u00a0\u00bbon\u00a0\u00bb module_bg_color=\u00a0\u00bbrgba(255,255,255,0)\u00a0\u00bb use_border_color=\u00a0\u00bboff\u00a0\u00bb border_color=\u00a0\u00bb#ffffff\u00a0\u00bb border_style=\u00a0\u00bbsolid\u00a0\u00bb global_colors_info=\u00a0\u00bb{}\u00a0\u00bb]<br \/>\n[\/et_pb_post_title][\/et_pb_column][\/et_pb_row][et_pb_row column_structure=\u00a0\u00bb2_3,1_3&Prime; _builder_version=\u00a0\u00bb4.16&Prime; background_size=\u00a0\u00bbinitial\u00a0\u00bb background_position=\u00a0\u00bbtop_left\u00a0\u00bb background_repeat=\u00a0\u00bbrepeat\u00a0\u00bb global_colors_info=\u00a0\u00bb{}\u00a0\u00bb][et_pb_column type=\u00a0\u00bb2_3&Prime; _builder_version=\u00a0\u00bb4.16&Prime; custom_padding=\u00a0\u00bb|||\u00a0\u00bb global_colors_info=\u00a0\u00bb{}\u00a0\u00bb custom_padding__hover=\u00a0\u00bb|||\u00a0\u00bb][et_pb_accordion admin_label=\u00a0\u00bbAkkordeon Vorsorgepl\u00e4ne\u00a0\u00bb _builder_version=\u00a0\u00bb4.18.1&Prime; hover_enabled=\u00a0\u00bb0&Prime; use_border_color=\u00a0\u00bboff\u00a0\u00bb saved_tabs=\u00a0\u00bball\u00a0\u00bb global_colors_info=\u00a0\u00bb{}\u00a0\u00bb sticky_enabled=\u00a0\u00bb0&Prime;][et_pb_accordion_item title=\u00a0\u00bbPlan de pr\u00e9voyance &#8211; intermittents\/ind\u00e9pendendants\u00a0\u00bb open=\u00a0\u00bbon\u00a0\u00bb _builder_version=\u00a0\u00bb4.16&Prime; global_colors_info=\u00a0\u00bb{}\u00a0\u00bb]<\/p>\n<ul>\n<li><a href=\"http:\/\/vfa.ch\/wp-content\/uploads\/F-123-Reglement-plan-de-prevoyance-SF.pdf\" target=\"_blank\" rel=\"noopener noreferrer\">R\u00e8glement plan de pr\u00e9voyance SF<\/a><\/li>\n<li><a href=\"http:\/\/vfa.ch\/wp-content\/uploads\/F-123-notice-explicative-plan-de-prevoyance-SF.pdf\" target=\"_blank\" rel=\"noopener noreferrer\">Notice explicative plan de pr\u00e9voyance SF<\/a><\/li>\n<\/ul>\n<p>[\/et_pb_accordion_item][et_pb_accordion_item title=\u00a0\u00bbPlan de pr\u00e9voyance &#8211; personnel fixe\u00a0\u00bb _builder_version=\u00a0\u00bb4.18.1&Prime; hover_enabled=\u00a0\u00bb0&Prime; global_colors_info=\u00a0\u00bb{}\u00a0\u00bb open=\u00a0\u00bboff\u00a0\u00bb sticky_enabled=\u00a0\u00bb0&Prime;]<\/p>\n<ul>\n<li><a href=\"http:\/\/vfa.ch\/wp-content\/uploads\/F-123-Reglement-plan-de-prevoyance-A.pdf\" target=\"_blank\" rel=\"noopener noreferrer\">R\u00e8glement plan de pr\u00e9voyance A<\/a><\/li>\n<li><a href=\"http:\/\/vfa.ch\/wp-content\/uploads\/F-123-notice-explicative-plan-de-prevoyance-A-1.pdf\" target=\"_blank\" rel=\"noopener noreferrer\">Notice explicative plan de pr\u00e9voyance A<\/a><\/li>\n<\/ul>\n<hr \/>\n<ul>\n<li><a href=\"http:\/\/vfa.ch\/wp-content\/uploads\/F-123-Reglement-plan-de-prevoyance-B.pdf\" target=\"_blank\" rel=\"noopener noreferrer\">R\u00e8glement plan de pr\u00e9voyance B<\/a><\/li>\n<li><a href=\"http:\/\/vfa.ch\/wp-content\/uploads\/F-123-notice-explicative-plan-de-prevoyance-B.pdf\" target=\"_blank\" rel=\"noopener noreferrer\">Notice explicative plan de pr\u00e9voyance B<\/a><\/li>\n<\/ul>\n<hr \/>\n<ul>\n<li><a href=\"http:\/\/vfa.ch\/wp-content\/uploads\/F-123-Reglement-plan-de-prevoyance-C.pdf\" target=\"_blank\" rel=\"noopener noreferrer\">R\u00e8glement plan de pr\u00e9voyance C<\/a><\/li>\n<li><a href=\"http:\/\/vfa.ch\/wp-content\/uploads\/F-123-notice-explicative-plan-de-prevoyance-C.pdf\" target=\"_blank\" rel=\"noopener noreferrer\">Notice explicative plan de pr\u00e9voyance C<\/a><\/li>\n<\/ul>\n<hr \/>\n<ul>\n<li><a href=\"https:\/\/vfa-fpa.ch\/wp-content\/uploads\/F-123-Reglement-plan-de-prevoyance-D.pdf\" target=\"_blank\" rel=\"noopener\">R\u00e8glement plan de pr\u00e9voyance D<\/a><\/li>\n<li><a href=\"https:\/\/vfa-fpa.ch\/wp-content\/uploads\/F-123-notice-explicative-plan-de-prevoyance-D.pdf\" target=\"_blank\" rel=\"noopener\">Notice explicative plan de pr\u00e9voyance D<\/a><\/li>\n<\/ul>\n<p>[\/et_pb_accordion_item][et_pb_accordion_item title=\u00a0\u00bbR\u00e8glements\u00a0\u00bb _builder_version=\u00a0\u00bb4.16&Prime; global_colors_info=\u00a0\u00bb{}\u00a0\u00bb open=\u00a0\u00bboff\u00a0\u00bb]<\/p>\n<ul>\n<li><a href=\"http:\/\/vfa.ch\/wp-content\/uploads\/F-reglement-de-prevoyance.pdf\" target=\"_blank\" rel=\"noopener noreferrer\">R\u00e8glement de pr\u00e9voyance<\/a><\/li>\n<li><a href=\"http:\/\/vfa.ch\/wp-content\/uploads\/F-Reglement-Organisation.pdf\" target=\"_blank\" rel=\"noopener noreferrer\">R\u00e8glement d&rsquo;organisation<\/a><\/li>\n<li><a href=\"http:\/\/vfa.ch\/wp-content\/uploads\/F-Reglement-Liquidation-partielle.pdf\" target=\"_blank\" rel=\"noopener noreferrer\">R\u00e8glement liquidation partielle<\/a><\/li>\n<li><a href=\"http:\/\/vfa.ch\/wp-content\/uploads\/F-frais-de-gestion.pdf\" target=\"_blank\" rel=\"noopener noreferrer\">R\u00e8glement frais de gestion<\/a><\/li>\n<li><a href=\"http:\/\/vfa.ch\/wp-content\/uploads\/F-Reglement-provisions-reserves.pdf\" target=\"_blank\" rel=\"noopener noreferrer\">R\u00e8glement provisions et r\u00e9serves<\/a><\/li>\n<li><a href=\"http:\/\/vfa.ch\/wp-content\/uploads\/F-fpa-Reglement-de-placement.pdf\">R\u00e8glement de placement<\/a><\/li>\n<\/ul>\n<p>[\/et_pb_accordion_item][\/et_pb_accordion][\/et_pb_column][et_pb_column type=\u00a0\u00bb1_3&Prime; _builder_version=\u00a0\u00bb4.16&Prime; custom_padding=\u00a0\u00bb|||\u00a0\u00bb global_colors_info=\u00a0\u00bb{}\u00a0\u00bb custom_padding__hover=\u00a0\u00bb|||\u00a0\u00bb][et_pb_text admin_label=\u00a0\u00bbQuicklinks (global)\u00a0\u00bb _builder_version=\u00a0\u00bb3.0.87&Prime; background_size=\u00a0\u00bbinitial\u00a0\u00bb background_position=\u00a0\u00bbtop_left\u00a0\u00bb background_repeat=\u00a0\u00bbrepeat\u00a0\u00bb use_border_color=\u00a0\u00bboff\u00a0\u00bb border_color=\u00a0\u00bb#ffffff\u00a0\u00bb border_style=\u00a0\u00bbsolid\u00a0\u00bb global_module=\u00a0\u00bb335&Prime; saved_tabs=\u00a0\u00bball\u00a0\u00bb global_colors_info=\u00a0\u00bb{}\u00a0\u00bb]<\/p>\n<h2>Liens rapides<\/h2>\n<p>\u2192 <a href=\"http:\/\/vfa.ch\/fr\/portrait\/contact\/\">Contact<\/a><br \/>\n\u2192 <a title=\"L636 Annonce intermittents et ind\u00e9pendants PDF\" href=\"http:\/\/vfa.ch\/wp-content\/uploads\/L636-Annonce-intermittents-et-independants.pdf\" target=\"_blank\" rel=\"noopener\">Inscription<\/a><br \/>\n\u2192 D\u00e9compte <a title=\"L655 Formulaire de decompte pour les employeurs d'intermittents PDF\" href=\"http:\/\/vfa.ch\/wp-content\/uploads\/L655-Formulaire-de-decompte-pour-les-employeurs-dintermittents-FPA.pdf\" target=\"_blank\" rel=\"noopener\">PDF<\/a> \u00b7 <a title=\"L655 Formulaire de decompte pour les employeurs d'intermittents Excel\" href=\"http:\/\/vfa.ch\/wp-content\/uploads\/L655-Formulaire-de-decompte-pour-les-employeurs-dintermittents-FPA.xlsx\">Excel<\/a><\/p>\n<p>[\/et_pb_text][\/et_pb_column][\/et_pb_row][\/et_pb_section]<\/p>\n","protected":false},"excerpt":{"rendered":"<p>R\u00e8glement plan de pr\u00e9voyance SF Notice explicative plan de pr\u00e9voyance SF R\u00e8glement plan de pr\u00e9voyance A Notice explicative plan de pr\u00e9voyance A R\u00e8glement plan de pr\u00e9voyance B Notice explicative plan de pr\u00e9voyance B R\u00e8glement plan de pr\u00e9voyance C Notice explicative plan de pr\u00e9voyance C R\u00e8glement plan de pr\u00e9voyance D Notice explicative plan de pr\u00e9voyance D [&hellip;]<\/p>\n","protected":false},"author":5,"featured_media":699,"parent":0,"menu_order":40,"comment_status":"closed","ping_status":"closed","template":"","meta":{"_acf_changed":false,"_et_pb_use_builder":"on","_et_pb_old_content":"","_et_gb_content_width":"","footnotes":""},"class_list":["post-814","page","type-page","status-publish","has-post-thumbnail","hentry"],"acf":[],"_links":{"self":[{"href":"https:\/\/vfa-fpa.ch\/fr\/wp-json\/wp\/v2\/pages\/814","targetHints":{"allow":["GET"]}}],"collection":[{"href":"https:\/\/vfa-fpa.ch\/fr\/wp-json\/wp\/v2\/pages"}],"about":[{"href":"https:\/\/vfa-fpa.ch\/fr\/wp-json\/wp\/v2\/types\/page"}],"author":[{"embeddable":true,"href":"https:\/\/vfa-fpa.ch\/fr\/wp-json\/wp\/v2\/users\/5"}],"replies":[{"embeddable":true,"href":"https:\/\/vfa-fpa.ch\/fr\/wp-json\/wp\/v2\/comments?post=814"}],"version-history":[{"count":20,"href":"https:\/\/vfa-fpa.ch\/fr\/wp-json\/wp\/v2\/pages\/814\/revisions"}],"predecessor-version":[{"id":3115,"href":"https:\/\/vfa-fpa.ch\/fr\/wp-json\/wp\/v2\/pages\/814\/revisions\/3115"}],"wp:featuredmedia":[{"embeddable":true,"href":"https:\/\/vfa-fpa.ch\/fr\/wp-json\/wp\/v2\/media\/699"}],"wp:attachment":[{"href":"https:\/\/vfa-fpa.ch\/fr\/wp-json\/wp\/v2\/media?parent=814"}],"curies":[{"name":"wp","href":"https:\/\/api.w.org\/{rel}","templated":true}]}}