{"id":796,"date":"2016-02-17T14:48:35","date_gmt":"2016-02-17T13:48:35","guid":{"rendered":"http:\/\/vfa.ch\/fr\/formulaires-et-mementos\/freischaffende-sf\/"},"modified":"2026-01-23T13:04:21","modified_gmt":"2026-01-23T12:04:21","slug":"intermittents-sf","status":"publish","type":"page","link":"https:\/\/vfa-fpa.ch\/fr\/formulaires-et-mementos\/intermittents-sf\/","title":{"rendered":"Formulaires et notices explicatives : Intermittents"},"content":{"rendered":"<p>[et_pb_section fb_built=\u00a0\u00bb1&Prime; admin_label=\u00a0\u00bbsection\u00a0\u00bb _builder_version=\u00a0\u00bb4.16&Prime; global_colors_info=\u00a0\u00bb{}\u00a0\u00bb][et_pb_row _builder_version=\u00a0\u00bb4.16&Prime; background_size=\u00a0\u00bbinitial\u00a0\u00bb background_position=\u00a0\u00bbtop_left\u00a0\u00bb background_repeat=\u00a0\u00bbrepeat\u00a0\u00bb global_colors_info=\u00a0\u00bb{}\u00a0\u00bb][et_pb_column type=\u00a0\u00bb4_4&Prime; _builder_version=\u00a0\u00bb4.16&Prime; custom_padding=\u00a0\u00bb|||\u00a0\u00bb global_colors_info=\u00a0\u00bb{}\u00a0\u00bb custom_padding__hover=\u00a0\u00bb|||\u00a0\u00bb][et_pb_post_title meta=\u00a0\u00bboff\u00a0\u00bb featured_placement=\u00a0\u00bbabove\u00a0\u00bb _builder_version=\u00a0\u00bb4.16&Prime; title_all_caps=\u00a0\u00bboff\u00a0\u00bb background_color=\u00a0\u00bbrgba(255,255,255,0)\u00a0\u00bb parallax=\u00a0\u00bbon\u00a0\u00bb custom_padding=\u00a0\u00bb||1em|\u00a0\u00bb parallax_effect=\u00a0\u00bbon\u00a0\u00bb module_bg_color=\u00a0\u00bbrgba(255,255,255,0)\u00a0\u00bb use_border_color=\u00a0\u00bboff\u00a0\u00bb border_color=\u00a0\u00bb#ffffff\u00a0\u00bb border_style=\u00a0\u00bbsolid\u00a0\u00bb global_colors_info=\u00a0\u00bb{}\u00a0\u00bb]<br \/>\n[\/et_pb_post_title][\/et_pb_column][\/et_pb_row][et_pb_row column_structure=\u00a0\u00bb2_3,1_3&Prime; _builder_version=\u00a0\u00bb4.16&Prime; background_size=\u00a0\u00bbinitial\u00a0\u00bb background_position=\u00a0\u00bbtop_left\u00a0\u00bb background_repeat=\u00a0\u00bbrepeat\u00a0\u00bb global_colors_info=\u00a0\u00bb{}\u00a0\u00bb][et_pb_column type=\u00a0\u00bb2_3&Prime; _builder_version=\u00a0\u00bb4.16&Prime; custom_padding=\u00a0\u00bb|||\u00a0\u00bb global_colors_info=\u00a0\u00bb{}\u00a0\u00bb custom_padding__hover=\u00a0\u00bb|||\u00a0\u00bb][et_pb_accordion admin_label=\u00a0\u00bbF Akkordeon Freischaffende\u00a0\u00bb _builder_version=\u00a0\u00bb4.27.5&Prime; toggle_font=\u00a0\u00bb|on|||\u00a0\u00bb use_border_color=\u00a0\u00bboff\u00a0\u00bb global_colors_info=\u00a0\u00bb{}\u00a0\u00bb][et_pb_accordion_item title=\u00a0\u00bbAnnonce \/ Inscription\u00a0\u00bb open=\u00a0\u00bbon\u00a0\u00bb _builder_version=\u00a0\u00bb4.16&Prime; global_colors_info=\u00a0\u00bb{}\u00a0\u00bb]<\/p>\n<ul>\n<li><a href=\"http:\/\/vfa.ch\/wp-content\/uploads\/L636-Annonce-intermittents-et-independants.pdf\" target=\"_blank\" rel=\"noopener noreferrer\">Annonce intermittents<\/a> (PDF)<\/li>\n<li><a href=\"http:\/\/vfa.ch\/wp-content\/uploads\/F-SF-notice-salaire-annonc\u00e9.pdf\" target=\"_blank\" rel=\"noopener noreferrer\">Notice explicative: SF salaire annonc\u00e9<\/a>&nbsp;(PDF)<\/li>\n<\/ul>\n<p>[\/et_pb_accordion_item][et_pb_accordion_item title=\u00a0\u00bbAssurance en cours\u00a0\u00bb _builder_version=\u00a0\u00bb4.27.5&Prime; global_colors_info=\u00a0\u00bb{}\u00a0\u00bb open=\u00a0\u00bboff\u00a0\u00bb]<\/p>\n<ul>\n<li><a href=\"http:\/\/vfa.ch\/wp-content\/uploads\/F-Explications-concernant-le-certificat-personnel.pdf\" target=\"_blank\" rel=\"noopener noreferrer\">Explications concernant le certificat personnel<\/a> (PDF)<\/li>\n<li><a href=\"https:\/\/vfa-fpa.ch\/wp-content\/uploads\/L1029_Annonce_de_modifications_intermittents_independants.pdf\" target=\"_blank\" rel=\"noopener noreferrer\">Annonce de modifications<\/a> (PDF)<\/li>\n<li><a href=\"http:\/\/vfa.ch\/wp-content\/uploads\/F-SF-notice-salaire-annonc\u00e9.pdf\" target=\"_blank\" rel=\"noopener noreferrer\">Notice explicative: SF salaire annonc\u00e9<\/a>\u00a0(PDF)<\/li>\n<li>Rachat \u00e0 concurrence de la totalit\u00e9 des prestations:\u00a0<a href=\"http:\/\/vfa.ch\/wp-content\/uploads\/L660-Rachat-a-concurrence-de-la-totalite-des-prestations-reglementaires.pdf\" target=\"_blank\" rel=\"noopener noreferrer\">Formulaire<\/a>\u00a0(PDF) et <a href=\"http:\/\/vfa.ch\/wp-content\/uploads\/L662-Memento-Rachat-a-concurrence-de-la-totalite-des-prestations-reglementaires.pdf\" target=\"_blank\" rel=\"noopener noreferrer\">Notice explicative<\/a>\u00a0(PDF)<\/li>\n<li><a href=\"http:\/\/vfa.ch\/wp-content\/uploads\/L645-Maintien-de-la-prevoyance-dans-le-plan-BF-libere-du-paiement-des-contributions.pdf\" target=\"_blank\" rel=\"noopener noreferrer\">Maintien de la pr\u00e9voyance dans le plan BF lib\u00e9r\u00e9 du paiement des contributions<\/a>\u00a0(PDF)<\/li>\n<li><a href=\"http:\/\/vfa.ch\/wp-content\/uploads\/L637-Avis-de-reactivation.pdf\" target=\"_blank\" rel=\"noopener noreferrer\">Avis de r\u00e9activation<\/a> (PDF)<\/li>\n<li><a href=\"http:\/\/vfa.ch\/wp-content\/uploads\/L641-Confirmation-de-communaute-de-vie.pdf\" target=\"_blank\" rel=\"noopener noreferrer\">Confirmation de communaut\u00e9 de vie<\/a> (PDF)<\/li>\n<\/ul>\n<p>[\/et_pb_accordion_item][et_pb_accordion_item title=\u00a0\u00bbSortie\u00a0\u00bb _builder_version=\u00a0\u00bb4.16&Prime; global_colors_info=\u00a0\u00bb{}\u00a0\u00bb open=\u00a0\u00bboff\u00a0\u00bb]<\/p>\n<ul>\n<li><a href=\"http:\/\/vfa.ch\/wp-content\/uploads\/L638-Avis-de-sortie-Intermittents-et-independants.pdf\" target=\"_blank\" rel=\"noopener noreferrer\">Avis de sortie<\/a> (PDF)<\/li>\n<li><a href=\"http:\/\/vfa.ch\/wp-content\/uploads\/L645-Maintien-de-la-prevoyance-dans-le-plan-BF-libere-du-paiement-des-contributions.pdf\" target=\"_blank\" rel=\"noopener noreferrer\">Maintien de la pr\u00e9voyance dans avec lib\u00e9ration du paiement des cotisations<\/a> (PDF)<\/li>\n<\/ul>\n<p>[\/et_pb_accordion_item][\/et_pb_accordion][\/et_pb_column][et_pb_column type=\u00a0\u00bb1_3&Prime; _builder_version=\u00a0\u00bb4.16&Prime; custom_padding=\u00a0\u00bb|||\u00a0\u00bb global_colors_info=\u00a0\u00bb{}\u00a0\u00bb custom_padding__hover=\u00a0\u00bb|||\u00a0\u00bb][et_pb_text admin_label=\u00a0\u00bbQuicklinks (global)\u00a0\u00bb _builder_version=\u00a0\u00bb4.18.1&Prime; background_size=\u00a0\u00bbinitial\u00a0\u00bb background_position=\u00a0\u00bbtop_left\u00a0\u00bb background_repeat=\u00a0\u00bbrepeat\u00a0\u00bb use_border_color=\u00a0\u00bboff\u00a0\u00bb border_color=\u00a0\u00bb#ffffff\u00a0\u00bb border_style=\u00a0\u00bbsolid\u00a0\u00bb global_module=\u00a0\u00bb335&Prime; saved_tabs=\u00a0\u00bball\u00a0\u00bb global_colors_info=\u00a0\u00bb{}\u00a0\u00bb][et_pb_row admin_label=\u00a0\u00bbrow\u00a0\u00bb _builder_version=\u00a0\u00bb4.16&Prime; background_size=\u00a0\u00bbinitial\u00a0\u00bb background_position=\u00a0\u00bbtop_left\u00a0\u00bb background_repeat=\u00a0\u00bbrepeat\u00a0\u00bb global_colors_info=\u00a0\u00bb{}\u00a0\u00bb][et_pb_column type=\u00a0\u00bb4_4&Prime; _builder_version=\u00a0\u00bb4.16&Prime; custom_padding=\u00a0\u00bb|||\u00a0\u00bb global_colors_info=\u00a0\u00bb{}\u00a0\u00bb custom_padding__hover=\u00a0\u00bb|||\u00a0\u00bb][et_pb_text admin_label=\u00a0\u00bbText\u00a0\u00bb _builder_version=\u00a0\u00bb4.27.4&Prime; background_size=\u00a0\u00bbinitial\u00a0\u00bb background_position=\u00a0\u00bbtop_left\u00a0\u00bb background_repeat=\u00a0\u00bbrepeat\u00a0\u00bb hover_enabled=\u00a0\u00bb0&Prime; global_colors_info=\u00a0\u00bb{}\u00a0\u00bb sticky_enabled=\u00a0\u00bb0&Prime;][et_pb_text admin_label=\u00a0\u00bbQuicklinks (global)\u00a0\u00bb _builder_version=\u00a0\u00bb4.21.0&Prime; use_border_color=\u00a0\u00bboff\u00a0\u00bb border_color=\u00a0\u00bb#ffffff\u00a0\u00bb saved_tabs=\u00a0\u00bball\u00a0\u00bb template_type=\u00a0\u00bbmodule\u00a0\u00bb sticky_enabled=\u00a0\u00bb0&Prime;][et_pb_row admin_label=\u00a0\u00bbrow\u00a0\u00bb _builder_version=\u00a0\u00bb4.18.1&Prime; background_size=\u00a0\u00bbinitial\u00a0\u00bb background_position=\u00a0\u00bbtop_left\u00a0\u00bb background_repeat=\u00a0\u00bbrepeat\u00a0\u00bb hover_enabled=\u00a0\u00bb0&Prime; global_colors_info=\u00a0\u00bb{}\u00a0\u00bb sticky_enabled=\u00a0\u00bb0&Prime;][et_pb_column type=\u00a0\u00bb4_4&Prime; _builder_version=\u00a0\u00bb4.16&Prime; custom_padding=\u00a0\u00bb|||\u00a0\u00bb global_colors_info=\u00a0\u00bb{}\u00a0\u00bb custom_padding__hover=\u00a0\u00bb|||\u00a0\u00bb][et_pb_text admin_label=\u00a0\u00bbText\u00a0\u00bb _builder_version=\u00a0\u00bb4.18.1&Prime; background_size=\u00a0\u00bbinitial\u00a0\u00bb background_position=\u00a0\u00bbtop_left\u00a0\u00bb background_repeat=\u00a0\u00bbrepeat\u00a0\u00bb hover_enabled=\u00a0\u00bb0&Prime; global_colors_info=\u00a0\u00bb{}\u00a0\u00bb sticky_enabled=\u00a0\u00bb0&Prime;][et_pb_text admin_label=\u00a0\u00bbQuicklinks (global)\u00a0\u00bb saved_tabs=\u00a0\u00bball\u00a0\u00bb template_type=\u00a0\u00bbmodule\u00a0\u00bb background_layout=\u00a0\u00bblight\u00a0\u00bb text_orientation=\u00a0\u00bbleft\u00a0\u00bb use_border_color=\u00a0\u00bboff\u00a0\u00bb border_color=\u00a0\u00bb#ffffff\u00a0\u00bb border_style=\u00a0\u00bbsolid\u00a0\u00bb]<\/p>\n<h2>Liens rapides<\/h2>\n<p>\u2192 <a href=\"https:\/\/vfa-fpa.ch\/fr\/portrait\/contact\/\">Contact<\/a><br \/>\u2192 <a title=\"L636 Annonce intermittents et ind\u00e9pendants PDF\" href=\"https:\/\/vfa.ch\/wp-content\/uploads\/L636-Annonce-intermittents-et-independants.pdf\" target=\"_blank\" rel=\"noopener\">Inscription<\/a><br \/>\u2192 D\u00e9compte <a href=\"https:\/\/vfa-fpa.ch\/wp-content\/uploads\/L655-Formulaire-de-decompte-pour-les-employeurs-dintermittents-FPA.pdf\" target=\"_blank\" rel=\"noopener\">PDF<\/a> \u00b7 <a title=\"L655 Formulaire de decompte pour les employeurs d'intermittents Excel\" href=\"https:\/\/vfa.ch\/wp-content\/uploads\/L655-Formulaire-de-decompte-pour-les-employeurs-dintermittents-FPA.xlsx\">Excel<\/a><\/p>\n<p>[\/et_pb_text][\/et_pb_column][\/et_pb_row][\/et_pb_section]<\/p>\n","protected":false},"excerpt":{"rendered":"<p>Annonce intermittents (PDF)Notice explicative: SF salaire annonc\u00e9&nbsp;(PDF) Explications concernant le certificat personnel (PDF) Annonce de modifications (PDF) Notice explicative: SF salaire annonc\u00e9\u00a0(PDF) Rachat \u00e0 concurrence de la totalit\u00e9 des prestations:\u00a0Formulaire\u00a0(PDF) et Notice explicative\u00a0(PDF) Maintien de la pr\u00e9voyance dans le plan BF lib\u00e9r\u00e9 du paiement des contributions\u00a0(PDF) Avis de r\u00e9activation (PDF) Confirmation de communaut\u00e9 de vie [&hellip;]<\/p>\n","protected":false},"author":5,"featured_media":698,"parent":794,"menu_order":10,"comment_status":"closed","ping_status":"closed","template":"","meta":{"_acf_changed":false,"_et_pb_use_builder":"on","_et_pb_old_content":"","_et_gb_content_width":"","footnotes":""},"class_list":["post-796","page","type-page","status-publish","has-post-thumbnail","hentry"],"acf":[],"_links":{"self":[{"href":"https:\/\/vfa-fpa.ch\/fr\/wp-json\/wp\/v2\/pages\/796","targetHints":{"allow":["GET"]}}],"collection":[{"href":"https:\/\/vfa-fpa.ch\/fr\/wp-json\/wp\/v2\/pages"}],"about":[{"href":"https:\/\/vfa-fpa.ch\/fr\/wp-json\/wp\/v2\/types\/page"}],"author":[{"embeddable":true,"href":"https:\/\/vfa-fpa.ch\/fr\/wp-json\/wp\/v2\/users\/5"}],"replies":[{"embeddable":true,"href":"https:\/\/vfa-fpa.ch\/fr\/wp-json\/wp\/v2\/comments?post=796"}],"version-history":[{"count":48,"href":"https:\/\/vfa-fpa.ch\/fr\/wp-json\/wp\/v2\/pages\/796\/revisions"}],"predecessor-version":[{"id":3979,"href":"https:\/\/vfa-fpa.ch\/fr\/wp-json\/wp\/v2\/pages\/796\/revisions\/3979"}],"up":[{"embeddable":true,"href":"https:\/\/vfa-fpa.ch\/fr\/wp-json\/wp\/v2\/pages\/794"}],"wp:featuredmedia":[{"embeddable":true,"href":"https:\/\/vfa-fpa.ch\/fr\/wp-json\/wp\/v2\/media\/698"}],"wp:attachment":[{"href":"https:\/\/vfa-fpa.ch\/fr\/wp-json\/wp\/v2\/media?parent=796"}],"curies":[{"name":"wp","href":"https:\/\/api.w.org\/{rel}","templated":true}]}}