{"id":749,"date":"2016-07-07T09:49:35","date_gmt":"2016-07-07T07:49:35","guid":{"rendered":"http:\/\/vfa.ch\/fr\/?page_id=749"},"modified":"2026-04-28T11:45:02","modified_gmt":"2026-04-28T09:45:02","slug":"contact","status":"publish","type":"page","link":"https:\/\/vfa-fpa.ch\/fr\/portrait\/contact\/","title":{"rendered":"Contact"},"content":{"rendered":"<p>[et_pb_section fb_built=\u00a0\u00bb1&Prime; admin_label=\u00a0\u00bbsection\u00a0\u00bb _builder_version=\u00a0\u00bb4.16&Prime; global_colors_info=\u00a0\u00bb{}\u00a0\u00bb][et_pb_row admin_label=\u00a0\u00bbrow\u00a0\u00bb _builder_version=\u00a0\u00bb4.16&Prime; background_size=\u00a0\u00bbinitial\u00a0\u00bb background_position=\u00a0\u00bbtop_left\u00a0\u00bb background_repeat=\u00a0\u00bbrepeat\u00a0\u00bb global_colors_info=\u00a0\u00bb{}\u00a0\u00bb][et_pb_column type=\u00a0\u00bb4_4&Prime; _builder_version=\u00a0\u00bb4.16&Prime; custom_padding=\u00a0\u00bb|||\u00a0\u00bb global_colors_info=\u00a0\u00bb{}\u00a0\u00bb custom_padding__hover=\u00a0\u00bb|||\u00a0\u00bb][et_pb_post_title meta=\u00a0\u00bboff\u00a0\u00bb featured_placement=\u00a0\u00bbabove\u00a0\u00bb admin_label=\u00a0\u00bbTitel (wird vom oberen Titel Feld autom. bezogen)\u00a0\u00bb _builder_version=\u00a0\u00bb4.16&Prime; title_all_caps=\u00a0\u00bboff\u00a0\u00bb background_color=\u00a0\u00bbrgba(255,255,255,0)\u00a0\u00bb parallax=\u00a0\u00bbon\u00a0\u00bb hover_enabled=\u00a0\u00bb0&Prime; parallax_effect=\u00a0\u00bbon\u00a0\u00bb module_bg_color=\u00a0\u00bbrgba(255,255,255,0)\u00a0\u00bb use_border_color=\u00a0\u00bboff\u00a0\u00bb border_color=\u00a0\u00bb#ffffff\u00a0\u00bb border_style=\u00a0\u00bbsolid\u00a0\u00bb global_colors_info=\u00a0\u00bb{}\u00a0\u00bb sticky_enabled=\u00a0\u00bb0&Prime;]<br \/>\n[\/et_pb_post_title][\/et_pb_column][\/et_pb_row][et_pb_row column_structure=\u00a0\u00bb1_3,1_3,1_3&Prime; _builder_version=\u00a0\u00bb4.16&Prime; background_size=\u00a0\u00bbinitial\u00a0\u00bb background_position=\u00a0\u00bbtop_left\u00a0\u00bb background_repeat=\u00a0\u00bbrepeat\u00a0\u00bb global_colors_info=\u00a0\u00bb{}\u00a0\u00bb][et_pb_column type=\u00a0\u00bb1_3&Prime; _builder_version=\u00a0\u00bb4.16&Prime; custom_padding=\u00a0\u00bb|||\u00a0\u00bb global_colors_info=\u00a0\u00bb{}\u00a0\u00bb custom_padding__hover=\u00a0\u00bb|||\u00a0\u00bb][et_pb_text admin_label=\u00a0\u00bbDurchf\u00fchrungsstelle\u00a0\u00bb _builder_version=\u00a0\u00bb4.27.6&Prime; background_size=\u00a0\u00bbinitial\u00a0\u00bb background_position=\u00a0\u00bbtop_left\u00a0\u00bb background_repeat=\u00a0\u00bbrepeat\u00a0\u00bb hover_enabled=\u00a0\u00bb0&Prime; use_border_color=\u00a0\u00bboff\u00a0\u00bb border_color=\u00a0\u00bb#ffffff\u00a0\u00bb border_style=\u00a0\u00bbsolid\u00a0\u00bb global_colors_info=\u00a0\u00bb{}\u00a0\u00bb sticky_enabled=\u00a0\u00bb0&Prime;]<\/p>\n<h2>Administration technique<\/h2>\n<p>L&rsquo;administration technique se charge de toutes les questions concernant les dossiers des assur\u00e9s (adh\u00e9sion\/sorties, d\u00e9comptes, d\u00e9clarations de salaires, changements d\u2019adresse ou d\u2019\u00e9tat civil, etc.).<\/p>\n<p>Fondation de pr\u00e9voyance film et audiovision<br \/>c\/o Allvisa Services AG<br \/>Case postale, 8027 Zurich<\/p>\n<p>T\u00e9l\u00e9phone 052 208 92 84<br \/><a href=\"&#109;a&#x69;l&#x74;o&#x3a;v&#x66;a&#x2d;f&#x70;&#97;&#x40;&#97;&#x6c;&#108;&#x76;&#105;&#x73;&#97;&#x2d;&#115;&#x65;&#114;v&#x69;c&#x65;s&#x2e;c&#x68;\">Email<\/a><\/p>\n<p>[\/et_pb_text][\/et_pb_column][et_pb_column type=\u00a0\u00bb1_3&Prime; _builder_version=\u00a0\u00bb4.16&Prime; custom_padding=\u00a0\u00bb|||\u00a0\u00bb global_colors_info=\u00a0\u00bb{}\u00a0\u00bb custom_padding__hover=\u00a0\u00bb|||\u00a0\u00bb][et_pb_text admin_label=\u00a0\u00bbSekretariat\u00a0\u00bb _builder_version=\u00a0\u00bb4.27.4&Prime; background_size=\u00a0\u00bbinitial\u00a0\u00bb background_position=\u00a0\u00bbtop_left\u00a0\u00bb background_repeat=\u00a0\u00bbrepeat\u00a0\u00bb use_border_color=\u00a0\u00bboff\u00a0\u00bb global_colors_info=\u00a0\u00bb{}\u00a0\u00bb]<\/p>\n<h2>Gestion<\/h2>\n<p>La gestion se charge des questions d\u2019organisation de la Fondation. Il vous conseille volontiers si vous avez l\u2019intention d\u2019adh\u00e9rer \u00e0 la Fondation de pr\u00e9voyance.<\/p>\n<p>Fondation de pr\u00e9voyance fpa<br \/>Stallikerstrasse 1a<br \/>8906 Bonstetten<\/p>\n<p>T\u00e9l\u00e9phone 044 700 09 46<br \/>(Mardi &#8211; vendredi, 09h00-12h00)<br \/><a href=\"&#x6d;&#x61;&#x69;&#x6c;&#x74;&#x6f;&#x3a;&#x73;&#x65;&#x6b;&#x72;&#x65;&#x74;&#x61;&#x72;&#x69;&#x61;&#x74;&#x40;&#x76;&#x66;&#x61;&#45;&#102;&#112;&#97;&#46;&#99;&#104;\">Email<\/a><\/p>\n<p>[\/et_pb_text][\/et_pb_column][et_pb_column type=\u00a0\u00bb1_3&Prime; _builder_version=\u00a0\u00bb4.16&Prime; custom_padding=\u00a0\u00bb|||\u00a0\u00bb global_colors_info=\u00a0\u00bb{}\u00a0\u00bb custom_padding__hover=\u00a0\u00bb|||\u00a0\u00bb][et_pb_text admin_label=\u00a0\u00bbQuicklinks (global)\u00a0\u00bb _builder_version=\u00a0\u00bb4.18.1&Prime; background_size=\u00a0\u00bbinitial\u00a0\u00bb background_position=\u00a0\u00bbtop_left\u00a0\u00bb background_repeat=\u00a0\u00bbrepeat\u00a0\u00bb use_border_color=\u00a0\u00bboff\u00a0\u00bb border_color=\u00a0\u00bb#ffffff\u00a0\u00bb global_module=\u00a0\u00bb335&Prime; saved_tabs=\u00a0\u00bball\u00a0\u00bb global_colors_info=\u00a0\u00bb{}\u00a0\u00bb][et_pb_row admin_label=\u00a0\u00bbrow\u00a0\u00bb _builder_version=\u00a0\u00bb4.16&Prime; background_size=\u00a0\u00bbinitial\u00a0\u00bb background_position=\u00a0\u00bbtop_left\u00a0\u00bb background_repeat=\u00a0\u00bbrepeat\u00a0\u00bb global_colors_info=\u00a0\u00bb{}\u00a0\u00bb][et_pb_column type=\u00a0\u00bb4_4&Prime; _builder_version=\u00a0\u00bb4.16&Prime; custom_padding=\u00a0\u00bb|||\u00a0\u00bb global_colors_info=\u00a0\u00bb{}\u00a0\u00bb custom_padding__hover=\u00a0\u00bb|||\u00a0\u00bb][et_pb_text admin_label=\u00a0\u00bbText\u00a0\u00bb _builder_version=\u00a0\u00bb4.27.4&Prime; background_size=\u00a0\u00bbinitial\u00a0\u00bb background_position=\u00a0\u00bbtop_left\u00a0\u00bb background_repeat=\u00a0\u00bbrepeat\u00a0\u00bb hover_enabled=\u00a0\u00bb0&Prime; global_colors_info=\u00a0\u00bb{}\u00a0\u00bb sticky_enabled=\u00a0\u00bb0&Prime;][et_pb_text admin_label=\u00a0\u00bbQuicklinks (global)\u00a0\u00bb _builder_version=\u00a0\u00bb4.21.0&Prime; use_border_color=\u00a0\u00bboff\u00a0\u00bb border_color=\u00a0\u00bb#ffffff\u00a0\u00bb saved_tabs=\u00a0\u00bball\u00a0\u00bb template_type=\u00a0\u00bbmodule\u00a0\u00bb sticky_enabled=\u00a0\u00bb0&Prime;][et_pb_row admin_label=\u00a0\u00bbrow\u00a0\u00bb _builder_version=\u00a0\u00bb4.18.1&Prime; background_size=\u00a0\u00bbinitial\u00a0\u00bb background_position=\u00a0\u00bbtop_left\u00a0\u00bb background_repeat=\u00a0\u00bbrepeat\u00a0\u00bb hover_enabled=\u00a0\u00bb0&Prime; global_colors_info=\u00a0\u00bb{}\u00a0\u00bb sticky_enabled=\u00a0\u00bb0&Prime;][et_pb_column type=\u00a0\u00bb4_4&Prime; _builder_version=\u00a0\u00bb4.16&Prime; custom_padding=\u00a0\u00bb|||\u00a0\u00bb global_colors_info=\u00a0\u00bb{}\u00a0\u00bb custom_padding__hover=\u00a0\u00bb|||\u00a0\u00bb][et_pb_text admin_label=\u00a0\u00bbText\u00a0\u00bb _builder_version=\u00a0\u00bb4.18.1&Prime; background_size=\u00a0\u00bbinitial\u00a0\u00bb background_position=\u00a0\u00bbtop_left\u00a0\u00bb background_repeat=\u00a0\u00bbrepeat\u00a0\u00bb hover_enabled=\u00a0\u00bb0&Prime; global_colors_info=\u00a0\u00bb{}\u00a0\u00bb sticky_enabled=\u00a0\u00bb0&Prime;][et_pb_text admin_label=\u00a0\u00bbQuicklinks (global)\u00a0\u00bb saved_tabs=\u00a0\u00bball\u00a0\u00bb template_type=\u00a0\u00bbmodule\u00a0\u00bb background_layout=\u00a0\u00bblight\u00a0\u00bb text_orientation=\u00a0\u00bbleft\u00a0\u00bb use_border_color=\u00a0\u00bboff\u00a0\u00bb border_color=\u00a0\u00bb#ffffff\u00a0\u00bb border_style=\u00a0\u00bbsolid\u00a0\u00bb]<\/p>\n<h2>Liens rapides<\/h2>\n<p>\u2192 <a href=\"https:\/\/vfa-fpa.ch\/fr\/portrait\/contact\/\">Contact<\/a><br \/>\u2192 <a title=\"L636 Annonce intermittents et ind\u00e9pendants PDF\" href=\"https:\/\/vfa.ch\/wp-content\/uploads\/L636-Annonce-intermittents-et-independants.pdf\" target=\"_blank\" rel=\"noopener\">Inscription<\/a><br \/>\u2192 D\u00e9compte <a href=\"https:\/\/vfa-fpa.ch\/wp-content\/uploads\/L655-Formulaire-de-decompte-pour-les-employeurs-dintermittents-FPA.pdf\" target=\"_blank\" rel=\"noopener\">PDF<\/a> \u00b7 <a title=\"L655 Formulaire de decompte pour les employeurs d'intermittents Excel\" href=\"https:\/\/vfa.ch\/wp-content\/uploads\/L655-Formulaire-de-decompte-pour-les-employeurs-dintermittents-FPA.xlsx\">Excel<\/a><\/p>\n<p>[\/et_pb_text][\/et_pb_column][\/et_pb_row][et_pb_row column_structure=\u00a0\u00bb2_3,1_3&Prime; _builder_version=\u00a0\u00bb4.16&Prime; background_size=\u00a0\u00bbinitial\u00a0\u00bb background_position=\u00a0\u00bbtop_left\u00a0\u00bb background_repeat=\u00a0\u00bbrepeat\u00a0\u00bb global_colors_info=\u00a0\u00bb{}\u00a0\u00bb][et_pb_column type=\u00a0\u00bb2_3&Prime; _builder_version=\u00a0\u00bb4.16&Prime; custom_padding=\u00a0\u00bb|||\u00a0\u00bb global_colors_info=\u00a0\u00bb{}\u00a0\u00bb custom_padding__hover=\u00a0\u00bb|||\u00a0\u00bb][et_pb_text admin_label=\u00a0\u00bbText Kontoverbindung\u00a0\u00bb _builder_version=\u00a0\u00bb4.27.4&Prime; background_size=\u00a0\u00bbinitial\u00a0\u00bb background_position=\u00a0\u00bbtop_left\u00a0\u00bb background_repeat=\u00a0\u00bbrepeat\u00a0\u00bb use_border_color=\u00a0\u00bboff\u00a0\u00bb border_color=\u00a0\u00bb#ffffff\u00a0\u00bb border_style=\u00a0\u00bbsolid\u00a0\u00bb global_colors_info=\u00a0\u00bb{}\u00a0\u00bb]<\/p>\n<h3>Coordonn\u00e9es bancaires<\/h3>\n<p>UBS Switzerland AG, Uetlibergstrasse 231, 8045 Z\u00fcrich<br \/>IBAN CH74 0023 0230 9042 1301 B<br \/>B\u00e9n\u00e9ficiaire: Fondation de pr\u00e9voyance film et audiovision, Stallikerstrasse 1a, 8906 Bonstetten<\/p>\n<p>[\/et_pb_text][\/et_pb_column][et_pb_column type=\u00a0\u00bb1_3&Prime; _builder_version=\u00a0\u00bb4.16&Prime; custom_padding=\u00a0\u00bb|||\u00a0\u00bb global_colors_info=\u00a0\u00bb{}\u00a0\u00bb custom_padding__hover=\u00a0\u00bb|||\u00a0\u00bb][\/et_pb_column][\/et_pb_row][\/et_pb_section]<\/p>\n","protected":false},"excerpt":{"rendered":"<p>Administration technique L&rsquo;administration technique se charge de toutes les questions concernant les dossiers des assur\u00e9s (adh\u00e9sion\/sorties, d\u00e9comptes, d\u00e9clarations de salaires, changements d\u2019adresse ou d\u2019\u00e9tat civil, etc.). Fondation de pr\u00e9voyance film et audiovisionc\/o Allvisa Services AGCase postale, 8027 Zurich T\u00e9l\u00e9phone 052 208 92 84EmailGestion La gestion se charge des questions d\u2019organisation de la Fondation. Il vous [&hellip;]<\/p>\n","protected":false},"author":5,"featured_media":649,"parent":731,"menu_order":20,"comment_status":"closed","ping_status":"closed","template":"","meta":{"_acf_changed":false,"_et_pb_use_builder":"on","_et_pb_old_content":"","_et_gb_content_width":"","footnotes":""},"class_list":["post-749","page","type-page","status-publish","has-post-thumbnail","hentry"],"acf":[],"_links":{"self":[{"href":"https:\/\/vfa-fpa.ch\/fr\/wp-json\/wp\/v2\/pages\/749","targetHints":{"allow":["GET"]}}],"collection":[{"href":"https:\/\/vfa-fpa.ch\/fr\/wp-json\/wp\/v2\/pages"}],"about":[{"href":"https:\/\/vfa-fpa.ch\/fr\/wp-json\/wp\/v2\/types\/page"}],"author":[{"embeddable":true,"href":"https:\/\/vfa-fpa.ch\/fr\/wp-json\/wp\/v2\/users\/5"}],"replies":[{"embeddable":true,"href":"https:\/\/vfa-fpa.ch\/fr\/wp-json\/wp\/v2\/comments?post=749"}],"version-history":[{"count":29,"href":"https:\/\/vfa-fpa.ch\/fr\/wp-json\/wp\/v2\/pages\/749\/revisions"}],"predecessor-version":[{"id":4062,"href":"https:\/\/vfa-fpa.ch\/fr\/wp-json\/wp\/v2\/pages\/749\/revisions\/4062"}],"up":[{"embeddable":true,"href":"https:\/\/vfa-fpa.ch\/fr\/wp-json\/wp\/v2\/pages\/731"}],"wp:featuredmedia":[{"embeddable":true,"href":"https:\/\/vfa-fpa.ch\/fr\/wp-json\/wp\/v2\/media\/649"}],"wp:attachment":[{"href":"https:\/\/vfa-fpa.ch\/fr\/wp-json\/wp\/v2\/media?parent=749"}],"curies":[{"name":"wp","href":"https:\/\/api.w.org\/{rel}","templated":true}]}}