{"id":2284,"date":"2020-07-21T17:58:55","date_gmt":"2020-07-21T15:58:55","guid":{"rendered":"http:\/\/vfa.ch\/portrait\/comite-des-investissements\/"},"modified":"2021-04-01T16:07:55","modified_gmt":"2021-04-01T14:07:55","slug":"comite-des-investissements","status":"publish","type":"page","link":"https:\/\/vfa-fpa.ch\/fr\/portrait\/comite-des-investissements\/","title":{"rendered":"Comit\u00e9 des investissements"},"content":{"rendered":"<p>[et_pb_section bb_built=\u00a0\u00bb1&Prime; admin_label=\u00a0\u00bbsection\u00a0\u00bb][et_pb_row admin_label=\u00a0\u00bbrow\u00a0\u00bb background_position=\u00a0\u00bbtop_left\u00a0\u00bb background_repeat=\u00a0\u00bbrepeat\u00a0\u00bb background_size=\u00a0\u00bbinitial\u00a0\u00bb][et_pb_column type=\u00a0\u00bb4_4&Prime;][et_pb_post_title admin_label=\u00a0\u00bbTitel (wird vom oberen Titel Feld autom. bezogen)\u00a0\u00bb title=\u00a0\u00bbon\u00a0\u00bb meta=\u00a0\u00bboff\u00a0\u00bb author=\u00a0\u00bbon\u00a0\u00bb date=\u00a0\u00bbon\u00a0\u00bb categories=\u00a0\u00bbon\u00a0\u00bb comments=\u00a0\u00bbon\u00a0\u00bb featured_image=\u00a0\u00bbon\u00a0\u00bb featured_placement=\u00a0\u00bbabove\u00a0\u00bb parallax_effect=\u00a0\u00bbon\u00a0\u00bb parallax_method=\u00a0\u00bbon\u00a0\u00bb text_orientation=\u00a0\u00bbleft\u00a0\u00bb text_color=\u00a0\u00bbdark\u00a0\u00bb text_background=\u00a0\u00bboff\u00a0\u00bb text_bg_color=\u00a0\u00bbrgba(255,255,255,0.9)\u00a0\u00bb module_bg_color=\u00a0\u00bbrgba(255,255,255,0)\u00a0\u00bb title_all_caps=\u00a0\u00bboff\u00a0\u00bb use_border_color=\u00a0\u00bboff\u00a0\u00bb border_color=\u00a0\u00bb#ffffff\u00a0\u00bb border_style=\u00a0\u00bbsolid\u00a0\u00bb parallax=\u00a0\u00bbon\u00a0\u00bb background_color=\u00a0\u00bbrgba(255,255,255,0)\u00a0\u00bb]<\/p>\n<p>[\/et_pb_post_title][\/et_pb_column][\/et_pb_row][et_pb_row background_position=\u00a0\u00bbtop_left\u00a0\u00bb background_repeat=\u00a0\u00bbrepeat\u00a0\u00bb background_size=\u00a0\u00bbinitial\u00a0\u00bb][et_pb_column type=\u00a0\u00bb2_3&Prime;][et_pb_text admin_label=\u00a0\u00bbtext Anlageausschuss\u00a0\u00bb use_border_color=\u00a0\u00bboff\u00a0\u00bb background_position=\u00a0\u00bbtop_left\u00a0\u00bb background_repeat=\u00a0\u00bbrepeat\u00a0\u00bb background_size=\u00a0\u00bbinitial\u00a0\u00bb _builder_version=\u00a0\u00bb3.21.1&Prime; z_index_tablet=\u00a0\u00bb500&Prime;]<\/p>\n<h3>Membres du comit\u00e9 des investissements au 24.03.2021<\/h3>\n<p>Daniel Br\u00fclhart, Institutions\/Suissimage (Pr\u00e9sident)<br \/>Matthias M\u00fcnger, IG (Repr\u00e9sentant des employeurs)<br \/>Andreas Mikos, SFA (Repr\u00e9sentant des employeurs)<br \/>Gabriela Kasperski, ASP\/VPS (Repr\u00e9sentante des employ\u00e9s)<\/p>\n<p>[\/et_pb_text][\/et_pb_column][et_pb_column type=\u00a0\u00bb1_3&Prime;][et_pb_text admin_label=\u00a0\u00bbQuicklinks (global)\u00a0\u00bb global_module=\u00a0\u00bb335&Prime; saved_tabs=\u00a0\u00bball\u00a0\u00bb background_layout=\u00a0\u00bblight\u00a0\u00bb text_orientation=\u00a0\u00bbleft\u00a0\u00bb use_border_color=\u00a0\u00bboff\u00a0\u00bb border_color=\u00a0\u00bb#ffffff\u00a0\u00bb border_style=\u00a0\u00bbsolid\u00a0\u00bb background_position=\u00a0\u00bbtop_left\u00a0\u00bb background_repeat=\u00a0\u00bbrepeat\u00a0\u00bb background_size=\u00a0\u00bbinitial\u00a0\u00bb]<\/p>\n<h2>Quicklinks<\/h2>\n<p>\u2192 <a href=\"http:\/\/vfa.ch\/portrait\/kontakt\/\">Kontakt<\/a><br \/>\u2192 <a title=\"L636 Anmeldung Freischaffende und-Selbstst\u00e4ndigerwerbende PDF\" href=\"http:\/\/vfa.ch\/wp-content\/uploads\/L636-Anmeldung-Freischaffende-und-Selbststaendigerwerbende.pdf\" target=\"_blank\" rel=\"noopener noreferrer\">Anmeldung<\/a><br \/>\u2192 Abrechnung <a title=\"L655 Abrechnungsformular Arbeitgeber PDF\" href=\"http:\/\/vfa.ch\/wp-content\/uploads\/L655-Abrechnungsformular-Arbeitgeber-VFA.pdf\" target=\"_blank\" rel=\"noopener noreferrer\">PDF<\/a> \u00b7 <a title=\"L655 Abrechnungsformular Arbeitgeber Excel\" href=\"http:\/\/vfa.ch\/wp-content\/uploads\/L655-Abrechnungsformular-Arbeitgeber-VFA.xlsx\">Excel<\/a><\/p>\n<p>[\/et_pb_text][\/et_pb_column][\/et_pb_row][\/et_pb_section]<\/p>\n","protected":false},"excerpt":{"rendered":"<p>Membres du comit\u00e9 des investissements au 24.03.2021Daniel Br\u00fclhart, Institutions\/Suissimage (Pr\u00e9sident)Matthias M\u00fcnger, IG (Repr\u00e9sentant des employeurs)Andreas Mikos, SFA (Repr\u00e9sentant des employeurs)Gabriela Kasperski, ASP\/VPS (Repr\u00e9sentante des employ\u00e9s) Quicklinks \u2192 Kontakt\u2192 Anmeldung\u2192 Abrechnung PDF \u00b7 Excel<\/p>\n","protected":false},"author":5,"featured_media":2273,"parent":731,"menu_order":31,"comment_status":"closed","ping_status":"closed","template":"","meta":{"_acf_changed":false,"_et_pb_use_builder":"on","_et_pb_old_content":"","_et_gb_content_width":"","footnotes":""},"class_list":["post-2284","page","type-page","status-publish","has-post-thumbnail","hentry"],"acf":[],"_links":{"self":[{"href":"https:\/\/vfa-fpa.ch\/fr\/wp-json\/wp\/v2\/pages\/2284","targetHints":{"allow":["GET"]}}],"collection":[{"href":"https:\/\/vfa-fpa.ch\/fr\/wp-json\/wp\/v2\/pages"}],"about":[{"href":"https:\/\/vfa-fpa.ch\/fr\/wp-json\/wp\/v2\/types\/page"}],"author":[{"embeddable":true,"href":"https:\/\/vfa-fpa.ch\/fr\/wp-json\/wp\/v2\/users\/5"}],"replies":[{"embeddable":true,"href":"https:\/\/vfa-fpa.ch\/fr\/wp-json\/wp\/v2\/comments?post=2284"}],"version-history":[{"count":5,"href":"https:\/\/vfa-fpa.ch\/fr\/wp-json\/wp\/v2\/pages\/2284\/revisions"}],"predecessor-version":[{"id":2523,"href":"https:\/\/vfa-fpa.ch\/fr\/wp-json\/wp\/v2\/pages\/2284\/revisions\/2523"}],"up":[{"embeddable":true,"href":"https:\/\/vfa-fpa.ch\/fr\/wp-json\/wp\/v2\/pages\/731"}],"wp:featuredmedia":[{"embeddable":true,"href":"https:\/\/vfa-fpa.ch\/fr\/wp-json\/wp\/v2\/media\/2273"}],"wp:attachment":[{"href":"https:\/\/vfa-fpa.ch\/fr\/wp-json\/wp\/v2\/media?parent=2284"}],"curies":[{"name":"wp","href":"https:\/\/api.w.org\/{rel}","templated":true}]}}